{"id":460,"date":"2023-05-16T15:08:42","date_gmt":"2023-05-16T13:08:42","guid":{"rendered":"https:\/\/dev.mielcafedesign.com\/sldesign\/?post_type=portfolio&#038;p=279"},"modified":"2025-08-07T09:48:12","modified_gmt":"2025-08-07T07:48:12","slug":"villa-aix-les-bains","status":"publish","type":"portfolio","link":"https:\/\/ellesinteriordesignstudio.com\/fr\/portfolio\/villa-aix-les-bains\/","title":{"rendered":"Un projet de r\u00e9novation qui suit les saisons de la vie."},"content":{"rendered":"","protected":false},"excerpt":{"rendered":"","protected":false},"featured_media":354,"parent":0,"template":"","tagsportfolio":[21],"class_list":["post-460","portfolio","type-portfolio","status-publish","has-post-thumbnail","hentry","tagsportfolio-sur-mesure"],"yoast_head":"<!-- This site is optimized with the Yoast SEO plugin v27.5 - https:\/\/yoast.com\/product\/yoast-seo-wordpress\/ -->\n<title>Projet de r\u00e9novation Aix-Les-Bains<\/title>\n<meta name=\"description\" content=\"R\u00e9novation compl\u00e8te d&#039;une petite villa \u00e0 Aix-Les-Bains afin d&#039;adapter les espaces et la d\u00e9coration aux nouvelles exigences des occupants\" \/>\n<meta name=\"robots\" content=\"index, follow, max-snippet:-1, max-image-preview:large, max-video-preview:-1\" \/>\n<link rel=\"canonical\" href=\"https:\/\/ellesinteriordesignstudio.com\/fr\/portfolio\/villa-aix-les-bains\/\" \/>\n<meta property=\"og:locale\" content=\"fr_FR\" \/>\n<meta property=\"og:type\" content=\"article\" \/>\n<meta property=\"og:title\" content=\"Projet de r\u00e9novation Aix-Les-Bains\" \/>\n<meta property=\"og:description\" content=\"R\u00e9novation compl\u00e8te d&#039;une petite villa \u00e0 Aix-Les-Bains afin d&#039;adapter les espaces et la d\u00e9coration aux nouvelles exigences des occupants\" \/>\n<meta property=\"og:url\" content=\"https:\/\/ellesinteriordesignstudio.com\/fr\/portfolio\/villa-aix-les-bains\/\" \/>\n<meta property=\"og:site_name\" content=\"ELLES Interior Design\" \/>\n<meta property=\"article:modified_time\" content=\"2025-08-07T07:48:12+00:00\" \/>\n<meta property=\"og:image\" content=\"https:\/\/ellesinteriordesignstudio.com\/fr\/wp-content\/uploads\/sites\/2\/2023\/05\/5_design_espace_ouvert_salon_cheminee.webp\" \/>\n\t<meta property=\"og:image:width\" content=\"3500\" \/>\n\t<meta property=\"og:image:height\" content=\"2625\" \/>\n\t<meta property=\"og:image:type\" content=\"image\/webp\" \/>\n<meta name=\"twitter:card\" content=\"summary_large_image\" \/>\n<meta name=\"twitter:label1\" content=\"Dur\u00e9e de lecture estim\u00e9e\" \/>\n\t<meta name=\"twitter:data1\" content=\"5 minutes\" \/>\n<script type=\"application\/ld+json\" class=\"yoast-schema-graph\">{\"@context\":\"https:\\\/\\\/schema.org\",\"@graph\":[{\"@type\":\"WebPage\",\"@id\":\"https:\\\/\\\/ellesinteriordesignstudio.com\\\/fr\\\/portfolio\\\/villa-aix-les-bains\\\/\",\"url\":\"https:\\\/\\\/ellesinteriordesignstudio.com\\\/fr\\\/portfolio\\\/villa-aix-les-bains\\\/\",\"name\":\"Projet de r\u00e9novation Aix-Les-Bains\",\"isPartOf\":{\"@id\":\"https:\\\/\\\/ellesinteriordesignstudio.com\\\/fr\\\/#website\"},\"primaryImageOfPage\":{\"@id\":\"https:\\\/\\\/ellesinteriordesignstudio.com\\\/fr\\\/portfolio\\\/villa-aix-les-bains\\\/#primaryimage\"},\"image\":{\"@id\":\"https:\\\/\\\/ellesinteriordesignstudio.com\\\/fr\\\/portfolio\\\/villa-aix-les-bains\\\/#primaryimage\"},\"thumbnailUrl\":\"https:\\\/\\\/ellesinteriordesignstudio.com\\\/fr\\\/wp-content\\\/uploads\\\/sites\\\/2\\\/2023\\\/05\\\/5_design_espace_ouvert_salon_cheminee.webp\",\"datePublished\":\"2023-05-16T13:08:42+00:00\",\"dateModified\":\"2025-08-07T07:48:12+00:00\",\"description\":\"R\u00e9novation compl\u00e8te d'une petite villa \u00e0 Aix-Les-Bains afin d'adapter les espaces et la d\u00e9coration aux nouvelles exigences des occupants\",\"breadcrumb\":{\"@id\":\"https:\\\/\\\/ellesinteriordesignstudio.com\\\/fr\\\/portfolio\\\/villa-aix-les-bains\\\/#breadcrumb\"},\"inLanguage\":\"fr-FR\",\"potentialAction\":[{\"@type\":\"ReadAction\",\"target\":[\"https:\\\/\\\/ellesinteriordesignstudio.com\\\/fr\\\/portfolio\\\/villa-aix-les-bains\\\/\"]}]},{\"@type\":\"ImageObject\",\"inLanguage\":\"fr-FR\",\"@id\":\"https:\\\/\\\/ellesinteriordesignstudio.com\\\/fr\\\/portfolio\\\/villa-aix-les-bains\\\/#primaryimage\",\"url\":\"https:\\\/\\\/ellesinteriordesignstudio.com\\\/fr\\\/wp-content\\\/uploads\\\/sites\\\/2\\\/2023\\\/05\\\/5_design_espace_ouvert_salon_cheminee.webp\",\"contentUrl\":\"https:\\\/\\\/ellesinteriordesignstudio.com\\\/fr\\\/wp-content\\\/uploads\\\/sites\\\/2\\\/2023\\\/05\\\/5_design_espace_ouvert_salon_cheminee.webp\",\"width\":3500,\"height\":2625,\"caption\":\"Rendu photor\u00e9aliste de l'espace de vie avec la chemin\u00e9e et la boiserie de la biblioth\u00e8que. Projet r\u00e9alis\u00e9 par Elles Interior Design.\"},{\"@type\":\"BreadcrumbList\",\"@id\":\"https:\\\/\\\/ellesinteriordesignstudio.com\\\/fr\\\/portfolio\\\/villa-aix-les-bains\\\/#breadcrumb\",\"itemListElement\":[{\"@type\":\"ListItem\",\"position\":1,\"name\":\"Home\",\"item\":\"https:\\\/\\\/ellesinteriordesignstudio.com\\\/fr\\\/\"},{\"@type\":\"ListItem\",\"position\":2,\"name\":\"Un projet de r\u00e9novation qui suit les saisons de la vie.\"}]},{\"@type\":\"WebSite\",\"@id\":\"https:\\\/\\\/ellesinteriordesignstudio.com\\\/fr\\\/#website\",\"url\":\"https:\\\/\\\/ellesinteriordesignstudio.com\\\/fr\\\/\",\"name\":\"ELLES Interior Design\",\"description\":\"\",\"publisher\":{\"@id\":\"https:\\\/\\\/ellesinteriordesignstudio.com\\\/fr\\\/#organization\"},\"potentialAction\":[{\"@type\":\"SearchAction\",\"target\":{\"@type\":\"EntryPoint\",\"urlTemplate\":\"https:\\\/\\\/ellesinteriordesignstudio.com\\\/fr\\\/?s={search_term_string}\"},\"query-input\":{\"@type\":\"PropertyValueSpecification\",\"valueRequired\":true,\"valueName\":\"search_term_string\"}}],\"inLanguage\":\"fr-FR\"},{\"@type\":\"Organization\",\"@id\":\"https:\\\/\\\/ellesinteriordesignstudio.com\\\/fr\\\/#organization\",\"name\":\"ELLES Interior Design\",\"url\":\"https:\\\/\\\/ellesinteriordesignstudio.com\\\/fr\\\/\",\"logo\":{\"@type\":\"ImageObject\",\"inLanguage\":\"fr-FR\",\"@id\":\"https:\\\/\\\/ellesinteriordesignstudio.com\\\/fr\\\/#\\\/schema\\\/logo\\\/image\\\/\",\"url\":\"https:\\\/\\\/ellesinteriordesignstudio.com\\\/fr\\\/wp-content\\\/uploads\\\/sites\\\/2\\\/2023\\\/05\\\/FullLogo-PecanPie.png\",\"contentUrl\":\"https:\\\/\\\/ellesinteriordesignstudio.com\\\/fr\\\/wp-content\\\/uploads\\\/sites\\\/2\\\/2023\\\/05\\\/FullLogo-PecanPie.png\",\"width\":3000,\"height\":3181,\"caption\":\"ELLES Interior Design\"},\"image\":{\"@id\":\"https:\\\/\\\/ellesinteriordesignstudio.com\\\/fr\\\/#\\\/schema\\\/logo\\\/image\\\/\"},\"sameAs\":[\"https:\\\/\\\/www.instagram.com\\\/elles_interiordesign\\\/\",\"https:\\\/\\\/www.linkedin.com\\\/in\\\/sluraghi\\\/\",\"https:\\\/\\\/www.houzz.fr\\\/pro\\\/webuser-351163672\\\/elles-interior-design\"]}]}<\/script>\n<!-- \/ Yoast SEO plugin. -->","yoast_head_json":{"title":"Projet de r\u00e9novation Aix-Les-Bains","description":"R\u00e9novation compl\u00e8te d'une petite villa \u00e0 Aix-Les-Bains afin d'adapter les espaces et la d\u00e9coration aux nouvelles exigences des occupants","robots":{"index":"index","follow":"follow","max-snippet":"max-snippet:-1","max-image-preview":"max-image-preview:large","max-video-preview":"max-video-preview:-1"},"canonical":"https:\/\/ellesinteriordesignstudio.com\/fr\/portfolio\/villa-aix-les-bains\/","og_locale":"fr_FR","og_type":"article","og_title":"Projet de r\u00e9novation Aix-Les-Bains","og_description":"R\u00e9novation compl\u00e8te d'une petite villa \u00e0 Aix-Les-Bains afin d'adapter les espaces et la d\u00e9coration aux nouvelles exigences des occupants","og_url":"https:\/\/ellesinteriordesignstudio.com\/fr\/portfolio\/villa-aix-les-bains\/","og_site_name":"ELLES Interior Design","article_modified_time":"2025-08-07T07:48:12+00:00","og_image":[{"width":3500,"height":2625,"url":"https:\/\/ellesinteriordesignstudio.com\/fr\/wp-content\/uploads\/sites\/2\/2023\/05\/5_design_espace_ouvert_salon_cheminee.webp","type":"image\/webp"}],"twitter_card":"summary_large_image","twitter_misc":{"Dur\u00e9e de lecture estim\u00e9e":"5 minutes"},"schema":{"@context":"https:\/\/schema.org","@graph":[{"@type":"WebPage","@id":"https:\/\/ellesinteriordesignstudio.com\/fr\/portfolio\/villa-aix-les-bains\/","url":"https:\/\/ellesinteriordesignstudio.com\/fr\/portfolio\/villa-aix-les-bains\/","name":"Projet de r\u00e9novation Aix-Les-Bains","isPartOf":{"@id":"https:\/\/ellesinteriordesignstudio.com\/fr\/#website"},"primaryImageOfPage":{"@id":"https:\/\/ellesinteriordesignstudio.com\/fr\/portfolio\/villa-aix-les-bains\/#primaryimage"},"image":{"@id":"https:\/\/ellesinteriordesignstudio.com\/fr\/portfolio\/villa-aix-les-bains\/#primaryimage"},"thumbnailUrl":"https:\/\/ellesinteriordesignstudio.com\/fr\/wp-content\/uploads\/sites\/2\/2023\/05\/5_design_espace_ouvert_salon_cheminee.webp","datePublished":"2023-05-16T13:08:42+00:00","dateModified":"2025-08-07T07:48:12+00:00","description":"R\u00e9novation compl\u00e8te d'une petite villa \u00e0 Aix-Les-Bains afin d'adapter les espaces et la d\u00e9coration aux nouvelles exigences des occupants","breadcrumb":{"@id":"https:\/\/ellesinteriordesignstudio.com\/fr\/portfolio\/villa-aix-les-bains\/#breadcrumb"},"inLanguage":"fr-FR","potentialAction":[{"@type":"ReadAction","target":["https:\/\/ellesinteriordesignstudio.com\/fr\/portfolio\/villa-aix-les-bains\/"]}]},{"@type":"ImageObject","inLanguage":"fr-FR","@id":"https:\/\/ellesinteriordesignstudio.com\/fr\/portfolio\/villa-aix-les-bains\/#primaryimage","url":"https:\/\/ellesinteriordesignstudio.com\/fr\/wp-content\/uploads\/sites\/2\/2023\/05\/5_design_espace_ouvert_salon_cheminee.webp","contentUrl":"https:\/\/ellesinteriordesignstudio.com\/fr\/wp-content\/uploads\/sites\/2\/2023\/05\/5_design_espace_ouvert_salon_cheminee.webp","width":3500,"height":2625,"caption":"Rendu photor\u00e9aliste de l'espace de vie avec la chemin\u00e9e et la boiserie de la biblioth\u00e8que. Projet r\u00e9alis\u00e9 par Elles Interior Design."},{"@type":"BreadcrumbList","@id":"https:\/\/ellesinteriordesignstudio.com\/fr\/portfolio\/villa-aix-les-bains\/#breadcrumb","itemListElement":[{"@type":"ListItem","position":1,"name":"Home","item":"https:\/\/ellesinteriordesignstudio.com\/fr\/"},{"@type":"ListItem","position":2,"name":"Un projet de r\u00e9novation qui suit les saisons de la vie."}]},{"@type":"WebSite","@id":"https:\/\/ellesinteriordesignstudio.com\/fr\/#website","url":"https:\/\/ellesinteriordesignstudio.com\/fr\/","name":"ELLES Interior Design","description":"","publisher":{"@id":"https:\/\/ellesinteriordesignstudio.com\/fr\/#organization"},"potentialAction":[{"@type":"SearchAction","target":{"@type":"EntryPoint","urlTemplate":"https:\/\/ellesinteriordesignstudio.com\/fr\/?s={search_term_string}"},"query-input":{"@type":"PropertyValueSpecification","valueRequired":true,"valueName":"search_term_string"}}],"inLanguage":"fr-FR"},{"@type":"Organization","@id":"https:\/\/ellesinteriordesignstudio.com\/fr\/#organization","name":"ELLES Interior Design","url":"https:\/\/ellesinteriordesignstudio.com\/fr\/","logo":{"@type":"ImageObject","inLanguage":"fr-FR","@id":"https:\/\/ellesinteriordesignstudio.com\/fr\/#\/schema\/logo\/image\/","url":"https:\/\/ellesinteriordesignstudio.com\/fr\/wp-content\/uploads\/sites\/2\/2023\/05\/FullLogo-PecanPie.png","contentUrl":"https:\/\/ellesinteriordesignstudio.com\/fr\/wp-content\/uploads\/sites\/2\/2023\/05\/FullLogo-PecanPie.png","width":3000,"height":3181,"caption":"ELLES Interior Design"},"image":{"@id":"https:\/\/ellesinteriordesignstudio.com\/fr\/#\/schema\/logo\/image\/"},"sameAs":["https:\/\/www.instagram.com\/elles_interiordesign\/","https:\/\/www.linkedin.com\/in\/sluraghi\/","https:\/\/www.houzz.fr\/pro\/webuser-351163672\/elles-interior-design"]}]}},"_links":{"self":[{"href":"https:\/\/ellesinteriordesignstudio.com\/fr\/wp-json\/wp\/v2\/portfolio\/460","targetHints":{"allow":["GET"]}}],"collection":[{"href":"https:\/\/ellesinteriordesignstudio.com\/fr\/wp-json\/wp\/v2\/portfolio"}],"about":[{"href":"https:\/\/ellesinteriordesignstudio.com\/fr\/wp-json\/wp\/v2\/types\/portfolio"}],"wp:featuredmedia":[{"embeddable":true,"href":"https:\/\/ellesinteriordesignstudio.com\/fr\/wp-json\/wp\/v2\/media\/354"}],"wp:attachment":[{"href":"https:\/\/ellesinteriordesignstudio.com\/fr\/wp-json\/wp\/v2\/media?parent=460"}],"wp:term":[{"taxonomy":"tagsportfolio","embeddable":true,"href":"https:\/\/ellesinteriordesignstudio.com\/fr\/wp-json\/wp\/v2\/tagsportfolio?post=460"}],"curies":[{"name":"wp","href":"https:\/\/api.w.org\/{rel}","templated":true}]}}